{"id":21,"date":"2015-03-29T21:43:36","date_gmt":"2015-03-29T21:43:36","guid":{"rendered":"http:\/\/www.riformaremilano.polimi.it\/?page_id=21"},"modified":"2017-06-01T15:42:12","modified_gmt":"2017-06-01T15:42:12","slug":"2014-2","status":"publish","type":"page","link":"https:\/\/www.riformaremilano.polimi.it\/?page_id=21","title":{"rendered":"2014"},"content":{"rendered":"<div id=\"attachment_864\" style=\"width: 2466px\" class=\"wp-caption alignnone\"><a href=\"http:\/\/www.riformaremilano.polimi.it\/wp-content\/uploads\/2015\/03\/mappa.jpg\"><img loading=\"lazy\" decoding=\"async\" aria-describedby=\"caption-attachment-864\" class=\"size-full wp-image-864\" src=\"http:\/\/www.riformaremilano.polimi.it\/wp-content\/uploads\/2015\/03\/mappa.jpg\" alt=\"Aree d'intervento\" width=\"2456\" height=\"2000\" srcset=\"https:\/\/www.riformaremilano.polimi.it\/wp-content\/uploads\/2015\/03\/mappa.jpg 2456w, https:\/\/www.riformaremilano.polimi.it\/wp-content\/uploads\/2015\/03\/mappa-300x244.jpg 300w, https:\/\/www.riformaremilano.polimi.it\/wp-content\/uploads\/2015\/03\/mappa-1024x834.jpg 1024w\" sizes=\"auto, (max-width: 2456px) 100vw, 2456px\" \/><\/a><p id=\"caption-attachment-864\" class=\"wp-caption-text\">Mappa di sintesi delle aree oggetto dell&#8217;iniziativa (A.A. 2013\/14)<\/p><\/div>\n<p align=\"justify\">La Scuola di Architettura e Societ\u00e0 ha messo a punto in collaborazione con l\u2019Assessorato all\u2019Urbanistica, Edilizia Privata, Agricoltura del Comune di Milano, il progetto didattico e di ricerca dal titolo \u201cRi-formare Milano &#8211;\u00a0Progetti per le aree e gli edifici in stato di degrado e abbandono\u201d che ha come oggetto i fenomeni di dismissione, sottoutilizzo, abbandono di edifici e aree, sia di propriet\u00e0 pubblica che privata, di diversa dimensione, consistenza, tipologia.<\/p>\n<p align=\"justify\">Il progetto di ricerca scientifica ha l\u2019obiettivo di aprire un confronto su tali temi che coinvolga la Scuola &#8211; da sempre luogo di elaborazione e sperimentazione progettuale sui temi della citt\u00e0 &#8211; l\u2019Amministrazione comunale e la societ\u00e0 civile. Il progetto ha finalit\u00e0 didattiche e formative in quanto impegna gli studenti nella progettazione del recupero di aree ed edifici in situazioni di particolare degrado, dove ci sono effettive necessit\u00e0 di riqualificazione, accompagnando la ricerca progettuale con la ricerca sull\u2019accompagnamento con politiche sociali che ne rendano operabile l\u2019attuazione. Nello stesso tempo divulga e diffonde nel territorio l\u2019impegno della Scuola di Architettura e Societ\u00e0 nel proporsi come luogo di elaborazione e sperimentazione sui temi di progettazione e di rilevanza sociale della citt\u00e0 di Milano e della sua area metropolitana e di confronto su tali temi con gli attori pubblici e con la societ\u00e0 civile.<\/p>\n<p align=\"justify\">Il progetto di ricerca scientifica ha l\u2019obiettivo di aprire un confronto su tali temi che coinvolga la Scuola &#8211; da sempre luogo di elaborazione e sperimentazione progettuale sui temi della citt\u00e0 &#8211; l\u2019Amministrazione comunale e la societ\u00e0 civile. Il progetto ha finalit\u00e0 didattiche e formative in quanto impegna gli studenti nella progettazione del recupero di aree ed edifici in situazioni di particolare degrado, dove ci sono effettive necessit\u00e0 di riqualificazione, accompagnando la ricerca progettuale con la ricerca sull\u2019accompagnamento con politiche sociali che ne rendano operabile l\u2019attuazione. Nello stesso tempo divulga e diffonde nel territorio l\u2019impegno della Scuola di Architettura e Societ\u00e0 nel proporsi come luogo di elaborazione e sperimentazione sui temi di progettazione e di rilevanza sociale della citt\u00e0 di Milano e della sua area metropolitana e di confronto su tali temi con gli attori pubblici e con la societ\u00e0 civile.<\/p>\n<p align=\"justify\">A seguito dell\u2019avvio del \u2018censimento dell\u2019abbandono\u2019 da parte dell\u2019Assessorato all\u2019Urbanistica, sono state selezionate e concordate una serie di aree ed edifici, al momento prevalentemente collocate nel settore orientale di Milano scelti per la particolarit\u00e0, per l\u2019interesse, per l\u2019attualit\u00e0 nel dibattito pubblico della loro attuale condizione nel quadro delle trasformazioni urbane.<br \/>\nLa casistica \u00e8 riconducibile a:<br \/>\n&#8211;\u00a0aree di trasformazione urbana;<br \/>\n&#8211; interventi nel tessuto urbano di diversa compattezza (dal tessuto poroso ai quartieri della residenza<br \/>\npubblica);<br \/>\n&#8211; spazi aperti non utilizzati importanti per realizzare sistemi ecologici e paesaggistici continui;<br \/>\n&#8211; singoli edifici o complessi da risanare, restaurare o rifunzionalizzare.<\/p>\n<p align=\"justify\">Ri-formare Milano ha gi\u00e0 individuato aree e temi operabili a scale diverse e da differenti osservatori progettuali e disciplinari (urbanistica, progettazione urbana e architettonica, tecnologia, restauro, sociologia e politiche urbane), da affrontare nel corso del programma e da concordare progressivamente con l\u2019Amministrazione Comunale &#8211; Assessorato all\u2019Urbanistica Edilizia e Agricoltura e con alcuni soggetti sociali rilevanti.<\/p>\n<p>&nbsp;<\/p>\n","protected":false},"excerpt":{"rendered":"<p>La Scuola di Architettura e Societ\u00e0 ha messo a punto in collaborazione con l\u2019Assessorato all\u2019Urbanistica,&#8230;<\/p>\n","protected":false},"author":2,"featured_media":0,"parent":0,"menu_order":0,"comment_status":"closed","ping_status":"closed","template":"","meta":{"footnotes":""},"class_list":["post-21","page","type-page","status-publish","hentry"],"_links":{"self":[{"href":"https:\/\/www.riformaremilano.polimi.it\/index.php?rest_route=\/wp\/v2\/pages\/21","targetHints":{"allow":["GET"]}}],"collection":[{"href":"https:\/\/www.riformaremilano.polimi.it\/index.php?rest_route=\/wp\/v2\/pages"}],"about":[{"href":"https:\/\/www.riformaremilano.polimi.it\/index.php?rest_route=\/wp\/v2\/types\/page"}],"author":[{"embeddable":true,"href":"https:\/\/www.riformaremilano.polimi.it\/index.php?rest_route=\/wp\/v2\/users\/2"}],"replies":[{"embeddable":true,"href":"https:\/\/www.riformaremilano.polimi.it\/index.php?rest_route=%2Fwp%2Fv2%2Fcomments&post=21"}],"version-history":[{"count":17,"href":"https:\/\/www.riformaremilano.polimi.it\/index.php?rest_route=\/wp\/v2\/pages\/21\/revisions"}],"predecessor-version":[{"id":2623,"href":"https:\/\/www.riformaremilano.polimi.it\/index.php?rest_route=\/wp\/v2\/pages\/21\/revisions\/2623"}],"wp:attachment":[{"href":"https:\/\/www.riformaremilano.polimi.it\/index.php?rest_route=%2Fwp%2Fv2%2Fmedia&parent=21"}],"curies":[{"name":"wp","href":"https:\/\/api.w.org\/{rel}","templated":true}]}}